{"id":5491,"date":"2021-06-07T18:29:09","date_gmt":"2021-06-07T18:29:09","guid":{"rendered":"https:\/\/thetranscript.org\/?page_id=5438"},"modified":"2023-09-21T21:54:32","modified_gmt":"2023-09-21T21:54:32","slug":"primer-transcrito-4","status":"publish","type":"page","link":"https:\/\/thetranscript.org\/es\/primer-transcrito-4\/","title":{"rendered":"Primer Transcrito Oficial"},"content":{"rendered":"<p>[et_pb_section fb_built=&#8221;1&#8243; fullwidth=&#8221;on&#8221; _builder_version=&#8221;4.16&#8243; background_image=&#8221;https:\/\/thetranscript.org\/wp-content\/uploads\/2017\/09\/candle-lit-writing3-1.jpg&#8221; global_colors_info=&#8221;{}&#8221;][et_pb_fullwidth_slider admin_label=&#8221;Fullwidth Slider Welcome&#8221; _builder_version=&#8221;4.16&#8243; custom_padding=&#8221;|||&#8221; global_colors_info=&#8221;{}&#8221; button_text_size__hover_enabled=&#8221;off&#8221; button_one_text_size__hover_enabled=&#8221;off&#8221; button_two_text_size__hover_enabled=&#8221;off&#8221; button_text_color__hover_enabled=&#8221;off&#8221; button_one_text_color__hover_enabled=&#8221;off&#8221; button_two_text_color__hover_enabled=&#8221;off&#8221; button_border_width__hover_enabled=&#8221;off&#8221; button_one_border_width__hover_enabled=&#8221;off&#8221; button_two_border_width__hover_enabled=&#8221;off&#8221; button_border_color__hover_enabled=&#8221;off&#8221; button_one_border_color__hover_enabled=&#8221;off&#8221; button_two_border_color__hover_enabled=&#8221;off&#8221; button_border_radius__hover_enabled=&#8221;off&#8221; button_one_border_radius__hover_enabled=&#8221;off&#8221; button_two_border_radius__hover_enabled=&#8221;off&#8221; button_letter_spacing__hover_enabled=&#8221;off&#8221; button_one_letter_spacing__hover_enabled=&#8221;off&#8221; button_two_letter_spacing__hover_enabled=&#8221;off&#8221; button_bg_color__hover_enabled=&#8221;off&#8221; button_one_bg_color__hover_enabled=&#8221;off&#8221; button_two_bg_color__hover_enabled=&#8221;off&#8221;][et_pb_slide heading=&#8221;Bienvenido al PRIMER TRANSCRITO&#8221; use_bg_overlay=&#8221;off&#8221; use_text_overlay=&#8221;off&#8221; admin_title=&#8221;Welcome to the first Transcrit&#8221; _builder_version=&#8221;4.16&#8243; header_font=&#8221;|700|||||||&#8221; header_text_align=&#8221;center&#8221; background_image=&#8221;https:\/\/thetranscript.org\/wp-content\/uploads\/2017\/09\/candle-lit-writing3-1.jpg&#8221; button_on_hover=&#8221;on&#8221; global_colors_info=&#8221;{}&#8221; button_text_size__hover_enabled=&#8221;off&#8221; button_one_text_size__hover_enabled=&#8221;off&#8221; button_two_text_size__hover_enabled=&#8221;off&#8221; button_text_color__hover_enabled=&#8221;off&#8221; button_one_text_color__hover_enabled=&#8221;off&#8221; button_two_text_color__hover_enabled=&#8221;off&#8221; button_border_width__hover_enabled=&#8221;off&#8221; button_one_border_width__hover_enabled=&#8221;off&#8221; button_two_border_width__hover_enabled=&#8221;off&#8221; button_border_color__hover_enabled=&#8221;off&#8221; button_one_border_color__hover_enabled=&#8221;off&#8221; button_two_border_color__hover_enabled=&#8221;off&#8221; button_border_radius__hover_enabled=&#8221;off&#8221; button_one_border_radius__hover_enabled=&#8221;off&#8221; button_two_border_radius__hover_enabled=&#8221;off&#8221; button_letter_spacing__hover_enabled=&#8221;off&#8221; button_one_letter_spacing__hover_enabled=&#8221;off&#8221; button_two_letter_spacing__hover_enabled=&#8221;off&#8221; button_bg_color__hover_enabled=&#8221;off&#8221; button_one_bg_color__hover_enabled=&#8221;off&#8221; button_two_bg_color__hover_enabled=&#8221;off&#8221; sticky_transition=&#8221;on&#8221;][\/et_pb_slide][\/et_pb_fullwidth_slider][\/et_pb_section][et_pb_section fb_built=&#8221;1&#8243; _builder_version=&#8221;4.16&#8243; custom_padding=&#8221;0px|0px|0px|0px&#8221; global_colors_info=&#8221;{}&#8221;][et_pb_row _builder_version=&#8221;4.16&#8243; global_colors_info=&#8221;{}&#8221;][et_pb_column type=&#8221;4_4&#8243; _builder_version=&#8221;4.16&#8243; custom_padding=&#8221;|||&#8221; global_colors_info=&#8221;{}&#8221; custom_padding__hover=&#8221;|||&#8221;][et_pb_divider show_divider=&#8221;off&#8221; disabled_on=&#8221;on|on|off&#8221; admin_label=&#8221;Divider White Space&#8221; _builder_version=&#8221;4.16&#8243; global_colors_info=&#8221;{}&#8221;][\/et_pb_divider][\/et_pb_column][\/et_pb_row][\/et_pb_section][et_pb_section fb_built=&#8221;1&#8243; _builder_version=&#8221;4.16&#8243; background_color=&#8221;#523800&#8243; custom_padding=&#8221;|||&#8221; global_colors_info=&#8221;{}&#8221;][et_pb_row _builder_version=&#8221;4.16&#8243; custom_padding=&#8221;10px|||||&#8221; global_colors_info=&#8221;{}&#8221;][et_pb_column type=&#8221;4_4&#8243; _builder_version=&#8221;4.16&#8243; custom_padding=&#8221;|||&#8221; global_colors_info=&#8221;{}&#8221; custom_padding__hover=&#8221;|||&#8221;][et_pb_text admin_label=&#8221;To The Reader&#8221; _builder_version=&#8221;4.16&#8243; text_font=&#8221;||||&#8221; text_font_size=&#8221;20px&#8221; text_line_height=&#8221;1.8em&#8221; background_layout=&#8221;dark&#8221; global_colors_info=&#8221;{}&#8221;]<\/p>\n<p style=\"text-align: center;\"><strong>\u00a0\u2014NOTA IMPORTANTE PARA EL LECTOR\u2014<\/strong><\/p>\n<p>El Primer Transcrito documenta el primer contacto que tuvo lugar el 7 de Julio, del 2011, cuando aproximadamente a las 10 horas pasado meridiano (22:00), tiempo este, en la ciudad de Tampa, Florida, un ser de luz se manifest\u00f3 a trav\u00e9s de la voz de mi hijo de veinte a\u00f1os, para recordarme de un acuerdo que se estableci\u00f3 en el 1979 a cambio de retornar a mi cuerpo sin vida.<\/p>\n<p>Esto fu\u00e9 a consecuencia de un aparatoso accidente automovil\u00edstico que tuvo lugar en una tarde de verano del 1979 donde yo perd\u00ed la vida y retorn\u00e9 horas m\u00e1s tarde para cumplir con lo acordado. Este dialogo entre las dos partes fu\u00e9 redactado verbatim (palabra por palabra) por medio de lo que muchos conocen como &#8216;<em>escritura autom\u00e1tica<\/em>,&#8217; cuando por primera vez <strong>La Fuerza Colectiva de Conocimiento y Sabidur\u00eda<\/strong> se di\u00f3 a conocer.<\/p>\n<p>Cabe aclarar, que el di\u00e1logo 1 al 3 comienza entre mi hijo y este servidor, claramente identificado como \u2018<em>Hijo\u2019 y \u2018Padre<\/em>\u2019, pero se denota la transici\u00f3n a \u2018\u2019Padre y Esp\u00edritu\u201d para identificar la comunicaci\u00f3n directa con el ser de luz una vez me percato que la voz de mi hijo se torna impasible (sin emoci\u00f3n), evidenciando as\u00ed la presencia \u00fanica del ser manifestando a trav\u00e9s de su voz.<\/p>\n<p>Debo tambi\u00e9n resaltar que las contestaciones a mis preguntas fueron hechas a un nivel elemental para yo poder comprender basado en mis limitaciones de aquel entonces y no necesariamente al nivel que hoy d\u00eda comprendo y redacto.<\/p>\n<p>Con esta nota, doy comienzo a que el lector logre concebir la complejidad dentro de la simplicidad que este documento redacta.<\/p>\n<p>[\/et_pb_text][\/et_pb_column][\/et_pb_row][\/et_pb_section][et_pb_section fb_built=&#8221;1&#8243; _builder_version=&#8221;4.16&#8243; custom_padding=&#8221;0px|0px|0px|0px&#8221; global_colors_info=&#8221;{}&#8221;][et_pb_row _builder_version=&#8221;4.16&#8243; global_colors_info=&#8221;{}&#8221;][et_pb_column type=&#8221;4_4&#8243; _builder_version=&#8221;4.16&#8243; custom_padding=&#8221;|||&#8221; global_colors_info=&#8221;{}&#8221; custom_padding__hover=&#8221;|||&#8221;][et_pb_divider show_divider=&#8221;off&#8221; disabled_on=&#8221;on|on|off&#8221; admin_label=&#8221;Divider White space&#8221; _builder_version=&#8221;4.16&#8243; global_colors_info=&#8221;{}&#8221;][\/et_pb_divider][\/et_pb_column][\/et_pb_row][\/et_pb_section][et_pb_section fb_built=&#8221;1&#8243; _builder_version=&#8221;4.16&#8243; custom_padding=&#8221;0px|0px|54px|0px&#8221; global_colors_info=&#8221;{}&#8221;][et_pb_row _builder_version=&#8221;4.16&#8243; background_image=&#8221;https:\/\/thetranscript.org\/wp-content\/uploads\/2017\/08\/Background-scroll-image-straight-edge2-1.jpg&#8221; background_size=&#8221;contain&#8221; background_position=&#8221;top_left&#8221; background_repeat=&#8221;repeat-y&#8221; custom_padding=&#8221;|20px||38px||&#8221; global_colors_info=&#8221;{}&#8221;][et_pb_column type=&#8221;4_4&#8243; _builder_version=&#8221;4.16&#8243; background_position=&#8221;top_left&#8221; custom_padding=&#8221;|||&#8221; global_colors_info=&#8221;{}&#8221; custom_padding__hover=&#8221;|||&#8221;][et_pb_text admin_label=&#8221;First Transcript&#8221; _builder_version=&#8221;4.16&#8243; text_font=&#8221;Architects Daughter||||||||&#8221; text_font_size=&#8221;21px&#8221; text_line_height=&#8221;1.8em&#8221; header_font=&#8221;|700|||||||&#8221; header_font_size=&#8221;35px&#8221; header_3_font=&#8221;|700|||||||&#8221; global_colors_info=&#8221;{}&#8221;]<\/p>\n<p>&nbsp;<\/p>\n<h1 style=\"text-align: center;\"><span style=\"font-size: xx-large;\">Primer Transcrito<\/span><\/h1>\n<h1 style=\"text-align: center;\"><span style=\"font-size: xx-large;\">7 de Julio, 2011<\/span><\/h1>\n<h1 style=\"text-align: center;\"><span style=\"font-size: xx-large;\">10:30 PM, Tampa, FL<\/span><\/h1>\n<p>&nbsp;<\/p>\n<div class=\"et_pb_column et_pb_column_4_4 et_pb_column_3  et_pb_css_mix_blend_mode_passthrough et-last-child\">\n<div class=\"et_pb_module et_pb_text et_pb_text_1  et_pb_text_align_left et_pb_bg_layout_light\">\n<div class=\"et_pb_text_inner\">\n<p><sup>1<\/sup><strong>\u2014 <span style=\"font-size: x-large;\">Hijo:<\/span><\/strong><span style=\"font-size: x-large;\"> Ven Papi, \u00a1Oh, que Hermoso! Escucha\u2026.\u00a1Oh, que hermoso! Siento como un c\u00edrculo brillante, hermoso, rodeado de luces.<br \/><\/span><\/p>\n<p><span style=\"font-size: x-large;\"><strong>\u2014<\/strong><sup>2<\/sup><strong>Padre<\/strong>: \u00bfY como es?<\/span><br \/><span style=\"font-size: x-large;\">\u2014 <strong>Hijo<\/strong>: Son como, como peque\u00f1os c\u00edrculos girando alrededor de todo, girando, pero todos somos uno.<br \/><\/span><\/p>\n<p><span style=\"font-size: x-large;\">\u2014<sup>3<\/sup><strong>Padre<\/strong>: \u00bfComo de que todos somos uno?<\/span><br \/><span style=\"font-size: x-large;\">\u2014 <strong>Esp\u00edritu<\/strong>: Porque todos somos Uno.<br \/><\/span><\/p>\n<p><span style=\"font-size: x-large;\">\u2014<sup>4<\/sup><strong>Padre<\/strong>: \u00bfY como se origin\u00f3 todo?<\/span><br \/><span style=\"font-size: x-large;\"><strong>\u2014 Esp\u00edritu<\/strong>: Porque hubo un desbalance<br \/><\/span><\/p>\n<p><span style=\"font-size: x-large;\">\u2014<sup>5<\/sup><strong>Padre<\/strong>: \u00bfY como ocurri\u00f3 ese desbalance?<\/span><br \/><span style=\"font-size: x-large;\">\u2014 <strong>Esp\u00edritu<\/strong>: Porque tuvo que pasar.<br \/><\/span><\/p>\n<p><span style=\"font-size: x-large;\">\u2014<sup>6<\/sup><strong>Padre<\/strong>: \u00bfY porqu\u00e9 tuvo que pasar?<\/span><br \/><span style=\"font-size: x-large;\">\u2014 <strong>Esp\u00edritu<\/strong>: Porque hubo un desbalance.<br \/><\/span><\/p>\n<p><span style=\"font-size: x-large;\">\u2014<sup>7<\/sup><strong>Padre<\/strong>: \u00bfY proqu\u00e9 tuvo que haber un desbalance?<\/span><br \/><span style=\"font-size: x-large;\">\u2014 <strong>Esp\u00edritu<\/strong>: Porque tuvo que pasar.<br \/><\/span><\/p>\n<p><span style=\"font-size: x-large;\">\u2014<sup>8<\/sup><strong>Padre<\/strong>: \u00bfY como ocurri\u00f3 ese desbalance?<\/span><br \/><span style=\"font-size: x-large;\">\u2014 <strong>Esp\u00edritu<\/strong>: No s\u00e9.<br \/><\/span><\/p>\n<p><span style=\"font-size: x-large;\">\u2014<sup>9<\/sup><strong>Padre<\/strong>: \u00bfPero no se supone que t\u00fa sepas si somos Uno?<\/span><br \/><span style=\"font-size: x-large;\">\u2014 <strong>Esp\u00edritu<\/strong>: Si, pero no porque seamos Uno lo sepamos todo ya que hay cosas m\u00e1s profundas que no nos dejan ver.<br \/><\/span><\/p>\n<p><span style=\"font-size: x-large;\">\u2014<sup>10<\/sup><strong>Padre<\/strong>: \u00bfPero, como fu\u00e9 que nos dividimos?<\/span><br \/><span style=\"font-size: x-large;\">\u2014 <strong>Esp\u00edritu<\/strong>: Porque ten\u00eda que pasar.<br \/><\/span><\/p>\n<p><span style=\"font-size: x-large;\">\u2014<sup>11<\/sup><strong>Padre<\/strong>: \u00bfY qu\u00e9 es lo que ten\u00eda que pasar?<\/span><br \/><span style=\"font-size: x-large;\">\u2014\u00a0 <strong>Esp\u00edritu<\/strong>: Separarnos<br \/><\/span><\/p>\n<p><span style=\"font-size: x-large;\">\u2014<sup>12<\/sup><strong>Padre<\/strong>: \u00bfY porqu\u00e9 nos separamos?<\/span><br \/><span style=\"font-size: x-large;\">\u2014\u00a0 <strong>Esp\u00edritu<\/strong>: No s\u00e9\u2026es que ten\u00eda que pasar.<br \/><\/span><\/p>\n<p><span style=\"font-size: x-large;\">\u2014<sup>13<\/sup><strong>Padre<\/strong>: \u00bfY como Dios permiti\u00f3 que eso pasara?<\/span><br \/><span style=\"font-size: x-large;\">\u2014\u00a0 <strong>Esp\u00edritu<\/strong>: Porque ten\u00eda que pasar.<br \/><\/span><\/p>\n<p><span style=\"font-size: x-large;\">\u2014<sup>14<\/sup><strong>Padre<\/strong>: \u00bfY qu\u00e9 fu\u00e9 lo que pas\u00f3?<\/span><br \/><span style=\"font-size: x-large;\">\u2014\u00a0 <strong>Esp\u00edritu<\/strong>: Nos aburrimos y nos salimos de balance, y estamos aqu\u00ed porque queremos regresar a nuestro origen.<br \/><\/span><\/p>\n<p><span style=\"font-size: x-large;\">\u2014<sup>15<\/sup><strong>Padre<\/strong>: \u00bfY como podemos regresar a nuestro origen?<\/span><br \/><span style=\"font-size: x-large;\">\u2014\u00a0 <strong>Esp\u00edritu<\/strong>: Haciendo lo que estamos haciendo.<br \/><\/span><\/p>\n<p><span style=\"font-size: x-large;\">\u2014<sup>16<\/sup><strong>Padre<\/strong>: \u00bfY qu\u00e9 estamos haciendo?<\/span><br \/><span style=\"font-size: x-large;\">\u2014\u00a0 <strong>Esp\u00edritu<\/strong>: Regresando.<br \/><\/span><\/p>\n<p><span style=\"font-size: x-large;\">\u2014<sup>17<\/sup><strong>Padre<\/strong>: \u00bfY para eso hay que sufrir?<\/span><br \/><span style=\"font-size: x-large;\">\u2014\u00a0 <strong>Esp\u00edritu<\/strong>: Es parte de.<\/span><\/p>\n<p><span style=\"font-size: x-large;\">\u2014<sup>18<\/sup><strong>Padre<\/strong>: \u00bfQu\u00e9 es parte de?<\/span><br \/><span style=\"font-size: x-large;\">\u2014\u00a0\u00a0 <strong>Esp\u00edritu<\/strong>: Hay que salir del deseo para salir del sufrimiento.<br \/><\/span><\/p>\n<p><span style=\"font-size: x-large;\">\u2014<sup>19<\/sup><strong>Padre<\/strong>: \u00bfY por eso tengo que sufrir?<\/span><br \/><span style=\"font-size: x-large;\">\u2014\u00a0 <strong>Esp\u00edritu<\/strong>: Es parte de.<br \/><\/span><\/p>\n<p><span style=\"font-size: x-large;\">\u2014<sup>20<\/sup><strong>Padre<\/strong>: \u00bfPero qu\u00e9 yo he hecho para tener que sufrir?<\/span><br \/><span style=\"font-size: x-large;\">\u2014\u00a0 <strong>Esp\u00edritu<\/strong>: Es Karma. Toma como 4 o 5 reencarnaciones para manifestar el karma.<br \/><\/span><\/p>\n<p><span style=\"font-size: x-large;\">\u2014<sup>21<\/sup><strong>Padre<\/strong>: \u00bfOsea, que yo hice algo malo y me tom\u00f3 4 o 5 vidas para pagar el precio de lo que hice?<\/span><br \/><span style=\"font-size: x-large;\">\u2014\u00a0\u00a0 <strong>Esp\u00edritu<\/strong>: Si.<br \/><\/span><\/p>\n<p><span style=\"font-size: x-large;\">\u2014<sup>22<\/sup><strong>Padre<\/strong>: \u00bfY porqu\u00e9 otros tienen que sufrir tambi\u00e9n?<\/span><br \/><span style=\"font-size: x-large;\">\u2014\u00a0\u00a0 <strong>Esp\u00edritu<\/strong>: Porque es parte de.<br \/><\/span><\/p>\n<p><span style=\"font-size: x-large;\">\u2014<sup>23<\/sup><strong>Padre<\/strong>: \u00bfY Jesus tambi\u00e9n? \u00bfPorqu\u00e9 \u00e9l tuvo que sufrir?<\/span><br \/><span style=\"font-size: x-large;\">\u2014\u00a0\u00a0 <strong>Esp\u00edritu<\/strong>: Porque \u00e9l vino por voluntad propia para ayudarnos a comprender como son las cosas y lo hizo en una forma que fuera tan dram\u00e1tica que el mensaje corriera por el mundo entero como una gran explosi\u00f3n.<br \/><\/span><\/p>\n<p><span style=\"font-size: x-large;\">\u2014<sup>24<\/sup><strong>Padre<\/strong>: \u00bfY por eso tuvo que sufrir?<\/span><br \/><span style=\"font-size: x-large;\">\u2014\u00a0\u00a0 <strong>Esp\u00edritu<\/strong>: El no sufri\u00f3: En cuerpo s\u00ed, pero en esp\u00edritu no.<br \/><\/span><\/p>\n<p><span style=\"font-size: x-large;\">\u2014<sup>25<\/sup><strong>Padre<\/strong>: \u00a1Pero sufri\u00f3!<\/span><br \/><span style=\"font-size: x-large;\">\u2014\u00a0\u00a0 <strong>Esp\u00edritu<\/strong>: \u00bfPero tu a\u00fan crees que esto es real? No. No lo es. Es solo una manifestaci\u00f3n de expresi\u00f3n.<br \/><\/span><\/p>\n<p><span style=\"font-size: x-large;\">\u2014<sup>26<\/sup><strong>Padre<\/strong>: \u00a1Pero tenemos cuerpo!<\/span><br \/><span style=\"font-size: x-large;\">\u2014\u00a0\u00a0 <strong>Esp\u00edritu<\/strong>: No. Solo es que necesitamos un cuerpo para poder expresar los sentidos. Por ejemplo; el tacto, el sabor, el olor y as\u00ed sucesivamente.<br \/><\/span><\/p>\n<p><span style=\"font-size: x-large;\">\u2014<sup>27<\/sup><strong>Padre<\/strong>: \u00bfPero entonces esto no existe?<\/span><br \/><span style=\"font-size: x-large;\">\u2014\u00a0\u00a0 <strong>Esp\u00edritu<\/strong>: S\u00ed y No. En realidad no existe. Es solo una manifestaci\u00f3n.<br \/><\/span><\/p>\n<p><span style=\"font-size: x-large;\">\u2014<sup>28<\/sup><strong>Padre<\/strong>: \u00bfPero para eso hay que sufrir?<\/span><br \/><span style=\"font-size: x-large;\">\u2014\u00a0\u00a0 <strong>Esp\u00edritu<\/strong>: Es parte de&#8230;para que te desligues.<br \/><\/span><\/p>\n<p><span style=\"font-size: x-large;\">\u2014<sup>29<\/sup><strong>Padre<\/strong>: \u00bfDesligarse de que?<\/span><br \/><span style=\"font-size: x-large;\">\u2014\u00a0\u00a0 <strong>Esp\u00edritu<\/strong>: Del deseo, para estar otra vez en balance.<\/span><\/p>\n<p><span style=\"font-size: x-large;\">\u2014<sup>30<\/sup><strong>Padre<\/strong>: \u00bfY entonces que? Cuando regresemos a estar en balance\u2026\u00bfQue despu\u00e9s? \u00bfQue hacemos?<\/span><br \/><span style=\"font-size: x-large;\">\u2014\u00a0\u00a0 <strong>Esp\u00edritu<\/strong>: Estar en balance, donde no haya deseo de nada. Total y absoluta paz, nada que temer, preocuparse&#8230;nada. Todo en belleza en uni\u00f3n y amor.<br \/><\/span><\/p>\n<p><span style=\"font-size: x-large;\">\u2014<sup>31<\/sup><strong>Padre<\/strong>: \u00bfY despu\u00e9s qu\u00e9, si no hay nada que hacer?<\/span><br \/><span style=\"font-size: x-large;\">\u2014\u00a0\u00a0 <strong>Esp\u00edritu<\/strong>: Pues ah\u00ed est\u00e1 el desbalance; cuando se quiere hacer algo.<br \/><\/span><\/p>\n<p><span style=\"font-size: x-large;\">\u2014<sup>32<\/sup><strong>Padre<\/strong>: Osea: \u00bfY el ciclo vuelve?<\/span><br \/><span style=\"font-size: x-large;\">\u2014\u00a0\u00a0 <strong>Esp\u00edritu<\/strong>: Si. Hasta que se rebalancee nuevamente.<br \/><\/span><\/p>\n<p><span style=\"font-size: x-large;\">\u2014<sup>33<\/sup><strong>Padre<\/strong>: \u00bfY volver, y volver, y volver?<\/span><br \/><span style=\"font-size: x-large;\">\u2014\u00a0\u00a0 <strong>Esp\u00edritu<\/strong>: Si, hasta que se vuelva a rebalancear.<br \/><\/span><\/p>\n<p><span style=\"font-size: x-large;\">\u2014<sup>34<\/sup><strong>Padre<\/strong>: \u00bfY porque?<\/span><br \/><span style=\"font-size: x-large;\">\u2014\u00a0\u00a0 <strong>Esp\u00edritu<\/strong>: Porque es parte de.<br \/><\/span><\/p>\n<p><span style=\"font-size: x-large;\">\u2014<sup>35<\/sup><strong>Padre<\/strong>: \u00bfY que papel juegan las religiones aqu\u00ed?<\/span><br \/><span style=\"font-size: x-large;\">\u2014\u00a0\u00a0 <strong>Esp\u00edritu<\/strong>: Diferentes roles. Cada una lleva un mensaje.<br \/><\/span><\/p>\n<p><span style=\"font-size: x-large;\">\u2014<sup>36<\/sup><strong>Padre<\/strong>: \u00bfY cual es la verdadera que lleva el mensaje?<\/span><br \/><span style=\"font-size: x-large;\">\u2014\u00a0\u00a0 <strong>Esp\u00edritu<\/strong>: Todas llevan el mensaje en diferentes formas.<br \/><\/span><\/p>\n<p><span style=\"font-size: x-large;\">\u2014<sup>37<\/sup><strong>Padre<\/strong>: \u00bfPero cual es la m\u00e1s cercana a la realidad?<\/span><br \/><span style=\"font-size: x-large;\">\u2014\u00a0\u00a0 <strong>Esp\u00edritu<\/strong>: La m\u00e1s cercana&#8230;&#8230;&#8230;&#8230;&#8230;Budismo..<\/span><\/p>\n<p><span style=\"font-size: x-large;\">\u2014<sup>38<\/sup><strong>Padre<\/strong>: \u00bfPero y Jes\u00fas?<\/span><br \/><span style=\"font-size: x-large;\">\u2014\u00a0\u00a0 <strong>Esp\u00edritu<\/strong>: \u00bfQuien no te dice a t\u00ed que Jes\u00fas vino a la tierra y se fu\u00e9 a aprender de los monjes budistas y regres\u00f3 a dar su mensaje?<br \/><\/span><\/p>\n<p><span style=\"font-size: x-large;\">\u2014<sup>39<\/sup><strong>Padre<\/strong>: \u00bfY porque yo estoy aqu\u00ed?<\/span><br \/><span style=\"font-size: x-large;\">\u2014\u00a0\u00a0 <strong>Esp\u00edritu<\/strong>: \u00bfNo lo ves? T\u00fa y yo acordamos el yo bajar aqu\u00ed y t\u00fa ayudarme a hacer mi encomienda.<br \/><\/span><\/p>\n<p><span style=\"font-size: x-large;\">\u2014<sup>40<\/sup><strong>Padre<\/strong>: \u00bfY yo tengo que pasar por todos estos problemas para ayudarte?<\/span><br \/><span style=\"font-size: x-large;\">\u2014\u00a0\u00a0 <strong>Esp\u00edritu<\/strong>: Es parte de. Todos somos uno, y mientras t\u00fa me ayudas, t\u00fa progresas.<br \/><\/span><\/p>\n<\/div>\n<\/div>\n<\/div>\n<p>&nbsp;<\/p>\n<p>[\/et_pb_text][\/et_pb_column][\/et_pb_row][et_pb_row _builder_version=&#8221;4.16&#8243; background_size=&#8221;initial&#8221; background_position=&#8221;top_left&#8221; background_repeat=&#8221;repeat&#8221; global_colors_info=&#8221;{}&#8221;][et_pb_column type=&#8221;4_4&#8243; _builder_version=&#8221;4.16&#8243; custom_padding=&#8221;|||&#8221; global_colors_info=&#8221;{}&#8221; custom_padding__hover=&#8221;|||&#8221;][et_pb_text admin_label=&#8221;Final words&#8221; _builder_version=&#8221;4.16&#8243; global_colors_info=&#8221;{}&#8221;]<\/p>\n<p><strong>Posterior a este evento,<\/strong> comenc\u00e9 a levantarme diariamente entre hora uno y tres de la madrugada para recibir revelaciones de Suma Verdad sobre nuestro verdadero origen y raz\u00f3n del Ser.<\/p>\n<p>Mi labor es servir como int\u00e9rprete del abstracto recibido seg\u00fan la intenci\u00f3n de estos seres, mejor descritos como Maestros Ascendidos y reconocidos como <strong>El Grupo Colectivo de Conocimiento y Sabidur\u00eda<\/strong>\u2014entendi\u00e9ndose as\u00ed que el mensaje es recibido sin atadura teol\u00f3gica alguna.<br \/>Los invito a leer <strong>Los Transcritos<\/strong> que surgieron a partir de este primer Transcrito y as\u00ed recibir Suma Verdad seg\u00fan transcrita.<\/p>\n<p>[\/et_pb_text][\/et_pb_column][\/et_pb_row][\/et_pb_section]<\/p>\n","protected":false},"excerpt":{"rendered":"<p>\u00a0\u2014NOTA IMPORTANTE PARA EL LECTOR\u2014 El Primer Transcrito documenta el primer contacto que tuvo lugar el 7 de Julio, del 2011, cuando aproximadamente a las 10 horas pasado meridiano (22:00), tiempo este, en la ciudad de Tampa, Florida, un ser de luz se manifest\u00f3 a trav\u00e9s de la voz de mi hijo de veinte a\u00f1os, [&hellip;]<\/p>\n","protected":false},"author":2,"featured_media":0,"parent":0,"menu_order":0,"comment_status":"closed","ping_status":"closed","template":"","meta":{"_et_pb_use_builder":"on","_et_pb_old_content":"[et_pb_section fb_built=\"1\" fullwidth=\"on\" _builder_version=\"3.22.3\" background_image=\"https:\/\/thetranscript.org\/wp-content\/uploads\/2017\/09\/candle-lit-writing3-1.jpg\"][et_pb_fullwidth_slider admin_label=\"Fullwidth Slider Welcome\" _builder_version=\"4.9.3\" custom_padding=\"|||\" hover_enabled=\"0\" button_text_size__hover_enabled=\"off\" button_one_text_size__hover_enabled=\"off\" button_two_text_size__hover_enabled=\"off\" button_text_color__hover_enabled=\"off\" button_one_text_color__hover_enabled=\"off\" button_two_text_color__hover_enabled=\"off\" button_border_width__hover_enabled=\"off\" button_one_border_width__hover_enabled=\"off\" button_two_border_width__hover_enabled=\"off\" button_border_color__hover_enabled=\"off\" button_one_border_color__hover_enabled=\"off\" button_two_border_color__hover_enabled=\"off\" button_border_radius__hover_enabled=\"off\" button_one_border_radius__hover_enabled=\"off\" button_two_border_radius__hover_enabled=\"off\" button_letter_spacing__hover_enabled=\"off\" button_one_letter_spacing__hover_enabled=\"off\" button_two_letter_spacing__hover_enabled=\"off\" button_bg_color__hover_enabled=\"off\" button_one_bg_color__hover_enabled=\"off\" button_two_bg_color__hover_enabled=\"off\" sticky_enabled=\"0\"][et_pb_slide heading=\"Bienvenido al PRIMER TRANSCRITO\" use_bg_overlay=\"off\" use_text_overlay=\"off\" admin_title=\"Welcome to the first Transcrit\" _builder_version=\"4.9.3\" header_font=\"|700|||||||\" header_text_align=\"center\" background_image=\"https:\/\/thetranscript.org\/wp-content\/uploads\/2017\/09\/candle-lit-writing3-1.jpg\" button_on_hover=\"on\" hover_enabled=\"0\" button_text_size__hover_enabled=\"off\" button_one_text_size__hover_enabled=\"off\" button_two_text_size__hover_enabled=\"off\" button_text_color__hover_enabled=\"off\" button_one_text_color__hover_enabled=\"off\" button_two_text_color__hover_enabled=\"off\" button_border_width__hover_enabled=\"off\" button_one_border_width__hover_enabled=\"off\" button_two_border_width__hover_enabled=\"off\" button_border_color__hover_enabled=\"off\" button_one_border_color__hover_enabled=\"off\" button_two_border_color__hover_enabled=\"off\" button_border_radius__hover_enabled=\"off\" button_one_border_radius__hover_enabled=\"off\" button_two_border_radius__hover_enabled=\"off\" button_letter_spacing__hover_enabled=\"off\" button_one_letter_spacing__hover_enabled=\"off\" button_two_letter_spacing__hover_enabled=\"off\" button_bg_color__hover_enabled=\"off\" button_one_bg_color__hover_enabled=\"off\" button_two_bg_color__hover_enabled=\"off\" sticky_transition=\"on\" sticky_enabled=\"0\"][\/et_pb_slide][\/et_pb_fullwidth_slider][\/et_pb_section][et_pb_section fb_built=\"1\" _builder_version=\"3.22.3\" custom_padding=\"0px|0px|0px|0px\"][et_pb_row _builder_version=\"3.25\"][et_pb_column type=\"4_4\" _builder_version=\"3.25\" custom_padding=\"|||\" custom_padding__hover=\"|||\"][et_pb_divider show_divider=\"off\" disabled_on=\"on|on|off\" admin_label=\"Divider White Space\" _builder_version=\"3.2\"][\/et_pb_divider][\/et_pb_column][\/et_pb_row][\/et_pb_section][et_pb_section fb_built=\"1\" _builder_version=\"3.22.3\" background_color=\"#523800\" custom_padding=\"|||\"][et_pb_row _builder_version=\"3.25\" custom_padding=\"10px|||||\"][et_pb_column type=\"4_4\" _builder_version=\"3.25\" custom_padding=\"|||\" custom_padding__hover=\"|||\"][et_pb_text admin_label=\"To The Reader\" _builder_version=\"4.6.0\" text_font=\"||||\" text_font_size=\"20px\" text_line_height=\"1.8em\" background_layout=\"dark\"]\n<p style=\"text-align: center;\"><strong>\u00a0\u2014NOTA IMPORTANTE PARA EL LECTOR\u2014<\/strong><\/p>\nEl Primer Transcrito documenta el primer contacto que tuvo lugar el 7 de Julio, del 2011, cuando aproximadamente a las 10 horas pasado meridiano, tiempo este, en la ciudad de Riverview, Florida, un ser de luz se manifest\u00f3 a trav\u00e9s de la voz de mi hijo de veinte a\u00f1os, para recordarme de un acuerdo que se estableci\u00f3 en el 1979 a cambio de retornar a mi cuerpo sin vida.\n\nEsto fu\u00e9 a consecuencia de un aparatoso accidente automovil\u00edstico que tuvo lugar en una tarde de verano del 1979 donde yo perd\u00ed la vida y retorn\u00e9 horas m\u00e1s tarde para cumplir con lo acordado. Este dialogo entre las dos partes fu\u00e9 redactado verbatim (palabra por palabra) por medio de lo que muchos conocen como '<em>escritura autom\u00e1tica<\/em>,' cuando por primera vez <strong>La Fuerza Colectiva del Conocimiento y Sabidur\u00eda<\/strong> se manifest\u00f3 sobre m\u00ed.\n\nCabe aclarar, que el di\u00e1logo 1 al 3 comienza entre mi hijo y este servidor, claramente identificado como \u2018<em>Hijo\u2019 y \u2018Padre.<\/em>\u2019 , pero se denota la transici\u00f3n a \u2018\u2019Padre y Esp\u00edritu\u201d para identificar la comunicaci\u00f3n directa con el ser de luz una vez me percato que la voz de mi hijo se torna impasible (sin emoci\u00f3n), evidenciando as\u00ed la presencia \u00fanica del ser manifestando a trav\u00e9s de su voz.\n\nDebo tambi\u00e9n resaltar que las contestaciones a mis preguntas fueron hechas a un nivel elemental para yo poder comprender basado en mis limitaciones de aquel entonces y no necesariamente al nivel que hoy d\u00eda comprendo y redacto.\n\nCon esta nota, doy comienzo a que el lector logre concebir la complejidad dentro de la simplicidad que este documento redacta.\n\n[\/et_pb_text][\/et_pb_column][\/et_pb_row][\/et_pb_section][et_pb_section fb_built=\"1\" _builder_version=\"3.22.3\" custom_padding=\"0px|0px|0px|0px\"][et_pb_row _builder_version=\"3.25\"][et_pb_column type=\"4_4\" _builder_version=\"3.25\" custom_padding=\"|||\" custom_padding__hover=\"|||\"][et_pb_divider show_divider=\"off\" disabled_on=\"on|on|off\" admin_label=\"Divider White space\" _builder_version=\"3.2\"][\/et_pb_divider][\/et_pb_column][\/et_pb_row][\/et_pb_section][et_pb_section fb_built=\"1\" _builder_version=\"3.22.3\" custom_padding=\"0px|0px|54px|0px\"][et_pb_row _builder_version=\"3.25\" background_image=\"https:\/\/thetranscript.org\/wp-content\/uploads\/2017\/08\/Background-scroll-image-straight-edge2-1.jpg\" background_size=\"contain\" background_position=\"top_left\" background_repeat=\"repeat-y\" custom_padding=\"|20px||38px||\"][et_pb_column type=\"4_4\" _builder_version=\"3.25\" background_position=\"top_left\" custom_padding=\"|||\" custom_padding__hover=\"|||\"][et_pb_text admin_label=\"First Transcript\" _builder_version=\"3.27.4\" text_font=\"Architects Daughter||||||||\" text_font_size=\"21px\" text_line_height=\"1.8em\" header_font=\"|700|||||||\" header_font_size=\"35px\" header_3_font=\"|700|||||||\"]\n\n&nbsp;\n<h1 style=\"text-align: center;\"><span style=\"font-size: xx-large;\">Primer Transcrito<\/span><\/h1>\n<h1 style=\"text-align: center;\"><span style=\"font-size: xx-large;\">7 de Julio, 2011<\/span><\/h1>\n<h1 style=\"text-align: center;\"><span style=\"font-size: xx-large;\">10:30 PM, Tampa, FL<\/span><\/h1>\n&nbsp;\n<div class=\"et_pb_column et_pb_column_4_4 et_pb_column_3  et_pb_css_mix_blend_mode_passthrough et-last-child\">\n<div class=\"et_pb_module et_pb_text et_pb_text_1  et_pb_text_align_left et_pb_bg_layout_light\">\n<div class=\"et_pb_text_inner\">\n\n<sup>1<\/sup><strong>\u2014 <span style=\"font-size: x-large;\">Hijo:<\/span><\/strong><span style=\"font-size: x-large;\"> Ven Papi, \u00a1Oh, que Hermoso! Escucha\u2026.\u00a1Oh, que hermoso! Siento como un c\u00edrculo brillante, hermoso, rodeado de luces.\n<\/span>\n\n<span style=\"font-size: x-large;\"><strong>\u2014<\/strong><sup>2<\/sup><strong>Padre<\/strong>: \u00bfY como es?<\/span>\n<span style=\"font-size: x-large;\">\u2014 <strong>Hijo<\/strong>: Son como, como peque\u00f1os c\u00edrculos girando alrededor de todo, girando, pero todos somos uno.\n<\/span>\n\n<span style=\"font-size: x-large;\">\u2014<sup>3<\/sup><strong>Padre<\/strong>: \u00bfComo de que todos somos uno?<\/span>\n<span style=\"font-size: x-large;\">\u2014 <strong>Esp\u00edritu<\/strong>: Porque todos somos Uno.\n<\/span>\n\n<span style=\"font-size: x-large;\">\u2014<sup>4<\/sup><strong>Padre<\/strong>: \u00bfY como se origin\u00f3 todo?<\/span>\n<span style=\"font-size: x-large;\"><strong>\u2014 Esp\u00edritu<\/strong>: Porque hubo un desbalance\n<\/span>\n\n<span style=\"font-size: x-large;\">\u2014<sup>5<\/sup><strong>Padre<\/strong>: \u00bfY como ocurri\u00f3 ese desbalance?<\/span>\n<span style=\"font-size: x-large;\">\u2014 <strong>Esp\u00edritu<\/strong>: Porque tuvo que pasar.\n<\/span>\n\n<span style=\"font-size: x-large;\">\u2014<sup>6<\/sup><strong>Padre<\/strong>: \u00bfY porqu\u00e9 tuvo que pasar?<\/span>\n<span style=\"font-size: x-large;\">\u2014 <strong>Esp\u00edritu<\/strong>: Porque hubo un desbalance.\n<\/span>\n\n<span style=\"font-size: x-large;\">\u2014<sup>7<\/sup><strong>Padre<\/strong>: \u00bfY proqu\u00e9 tuvo que haber un desbalance?<\/span>\n<span style=\"font-size: x-large;\">\u2014 <strong>Esp\u00edritu<\/strong>: Porque tuvo que pasar.\n<\/span>\n\n<span style=\"font-size: x-large;\">\u2014<sup>8<\/sup><strong>Padre<\/strong>: \u00bfY como ocurri\u00f3 ese desbalance?<\/span>\n<span style=\"font-size: x-large;\">\u2014 <strong>Esp\u00edritu<\/strong>: No s\u00e9.\n<\/span>\n\n<span style=\"font-size: x-large;\">\u2014<sup>9<\/sup><strong>Padre<\/strong>: \u00bfPero no se supone que t\u00fa sepas si somos Uno?<\/span>\n<span style=\"font-size: x-large;\">\u2014 <strong>Esp\u00edritu<\/strong>: Si, pero no porque seamos Uno lo sepamos todo ya que hay cosas mas profundas que no nos dejan ver.\n<\/span>\n\n<span style=\"font-size: x-large;\">\u2014<sup>10<\/sup><strong>Padre<\/strong>: \u00bfPero, como fu\u00e9 que nos dividimos?<\/span>\n<span style=\"font-size: x-large;\">\u2014 <strong>Esp\u00edritu<\/strong>: Porque ten\u00eda que pasar.\n<\/span>\n\n<span style=\"font-size: x-large;\">\u2014<sup>11<\/sup><strong>Padre<\/strong>: \u00bfY qu\u00e9 es lo que ten\u00eda que pasar?<\/span>\n<span style=\"font-size: x-large;\">\u2014\u00a0 <strong>Esp\u00edritu<\/strong>: Separarnos\n<\/span>\n\n<span style=\"font-size: x-large;\">\u2014<sup>12<\/sup><strong>Padre<\/strong>: \u00bfY porqu\u00e9 nos separamos?<\/span>\n<span style=\"font-size: x-large;\">\u2014\u00a0 <strong>Esp\u00edritu<\/strong>: No s\u00e9\u2026es que ten\u00eda que pasar.\n<\/span>\n\n<span style=\"font-size: x-large;\">\u2014<sup>13<\/sup><strong>Padre<\/strong>: \u00bfY como Dios permiti\u00f3 que eso pasara?<\/span>\n<span style=\"font-size: x-large;\">\u2014\u00a0 <strong>Esp\u00edritu<\/strong>: Porque ten\u00eda que pasar.\n<\/span>\n\n<span style=\"font-size: x-large;\">\u2014<sup>14<\/sup><strong>Padre<\/strong>: \u00bfY qu\u00e9 fu\u00e9 lo que pas\u00f3?<\/span>\n<span style=\"font-size: x-large;\">\u2014\u00a0 <strong>Esp\u00edritu<\/strong>: Nos aburrimos y nos salimos de balance\u2026y estamos aqu\u00ed porque queremos regresar a nuestro origen.\n<\/span>\n\n<span style=\"font-size: x-large;\">\u2014<sup>15<\/sup><strong>Padre<\/strong>: \u00bfY como podemos regresar a nuestro origen?<\/span>\n<span style=\"font-size: x-large;\">\u2014\u00a0 <strong>Esp\u00edritu<\/strong>: Haciendo lo que estamos haciendo.\n<\/span>\n\n<span style=\"font-size: x-large;\">\u2014<sup>16<\/sup><strong>Padre<\/strong>: \u00bfY qu\u00e9 estamos haciendo?<\/span>\n<span style=\"font-size: x-large;\">\u2014\u00a0 <strong>Esp\u00edritu<\/strong>: Regresando.\n<\/span>\n\n<span style=\"font-size: x-large;\">\u2014<sup>17<\/sup><strong>Padre<\/strong>: \u00bfY para eso hay que sufrir?<\/span>\n<span style=\"font-size: x-large;\">\u2014\u00a0 <strong>Esp\u00edritu<\/strong>: It\u2019s part of it.<\/span>\n\n<span style=\"font-size: x-large;\">\u2014<sup>18<\/sup><strong>Padre<\/strong>: Es parte de.<\/span>\n<span style=\"font-size: x-large;\">\u2014\u00a0\u00a0 <strong>Esp\u00edritu<\/strong>: Hay que salir del deseo para salir del sufrimiento.\n<\/span>\n\n<span style=\"font-size: x-large;\">\u2014<sup>19<\/sup><strong>Padre<\/strong>: \u00bfY por eso tengo que sufrir?<\/span>\n<span style=\"font-size: x-large;\">\u2014\u00a0 <strong>Esp\u00edritu<\/strong>: Es parte de.\n<\/span>\n\n<span style=\"font-size: x-large;\">\u2014<sup>20<\/sup><strong>Padre<\/strong>: \u00bfPero qu\u00e9 yo he hecho para tener que sufrir?<\/span>\n<span style=\"font-size: x-large;\">\u2014\u00a0 <strong>Esp\u00edritu<\/strong>: Es Karma. Toma como 4 o 5 reencarnaciones para manifestar el karma.\n<\/span>\n\n<span style=\"font-size: x-large;\">\u2014<sup>21<\/sup><strong>Padre<\/strong>: \u00bfOsea, que yo hice algo malo y me tom\u00f3 4 o 5 vidas para pagar el precio de lo que hice?<\/span>\n<span style=\"font-size: x-large;\">\u2014\u00a0\u00a0 <strong>Esp\u00edritu<\/strong>: Si.\n<\/span>\n\n<span style=\"font-size: x-large;\">\u2014<sup>22<\/sup><strong>Padre<\/strong>: \u00bfY porqu\u00e9 otros tienen que sufrir tambi\u00e9n?<\/span>\n<span style=\"font-size: x-large;\">\u2014\u00a0\u00a0 <strong>Esp\u00edritu<\/strong>: Porque es parte de.\n<\/span>\n\n<span style=\"font-size: x-large;\">\u2014<sup>23<\/sup><strong>Padre<\/strong>: \u00bfY Jesus tambi\u00e9n? \u00bfPorqu\u00e9 \u00e9l tuvo que sufrir?<\/span>\n<span style=\"font-size: x-large;\">\u2014\u00a0\u00a0 <strong>Esp\u00edritu<\/strong>: Porque \u00e9l vino por voluntad propia para ayudarnos a comprender como son las cosas y lo hizo en una forma que fuera tan dram\u00e1tica que el mensaje corriera por el mundo entero como una gran explosi\u00f3n.\n<\/span>\n\n<span style=\"font-size: x-large;\">\u2014<sup>24<\/sup><strong>Padre<\/strong>: \u00bfY por eso tuvo que sufrir?<\/span>\n<span style=\"font-size: x-large;\">\u2014\u00a0\u00a0 <strong>Esp\u00edritu<\/strong>: El no sufri\u00f3: En cuerpo s\u00ed, pero en esp\u00edritu no.\n<\/span>\n\n<span style=\"font-size: x-large;\">\u2014<sup>25<\/sup><strong>Padre<\/strong>: \u00a1Pero sufri\u00f3!<\/span>\n<span style=\"font-size: x-large;\">\u2014\u00a0\u00a0 <strong>Esp\u00edritu<\/strong>: \u00bfPero tu a\u00fan crees que esto es real? No\u2026no lo es\u2026es solo una manifestaci\u00f3n de expresi\u00f3n.\n<\/span>\n\n<span style=\"font-size: x-large;\">\u2014<sup>26<\/sup><strong>Padre<\/strong>: \u00a1Pero tenemos cuerpo!<\/span>\n<span style=\"font-size: x-large;\">\u2014\u00a0\u00a0 <strong>Esp\u00edritu<\/strong>: No. Solo es que necesitamos un cuerpo para poder expresar los sentidos\u2026por ejemplo, el tacto, el sabor, el olor y as\u00ed sucesivamente.\n<\/span>\n\n<span style=\"font-size: x-large;\">\u2014<sup>27<\/sup><strong>Padre<\/strong>: \u00bfPero entonces esto no existe?<\/span>\n<span style=\"font-size: x-large;\">\u2014\u00a0\u00a0 <strong>Esp\u00edritu<\/strong>: S\u00ed y No. En realidad no existe. Es solo una manifestaci\u00f3n.\n<\/span>\n\n<span style=\"font-size: x-large;\">\u2014<sup>28<\/sup><strong>Padre<\/strong>: \u00bfPero para eso hay que sufrir?<\/span>\n<span style=\"font-size: x-large;\">\u2014\u00a0\u00a0 <strong>Esp\u00edritu<\/strong>: Es parte de...para desistir.\n<\/span>\n\n<span style=\"font-size: x-large;\">\u2014<sup>29<\/sup><strong>Padre<\/strong>: Desistir de que?<\/span>\n<span style=\"font-size: x-large;\">\u2014\u00a0\u00a0 <strong>Esp\u00edritu<\/strong>: Del deseo, para estar otra vez en balance..<\/span>\n\n<span style=\"font-size: x-large;\">\u2014<sup>30<\/sup><strong>Padre<\/strong>: \u00bfY entonces que? Cuando regresemos a estar en balance\u2026\u00bfQue despu\u00e9s? \u00bfQue hacemos?<\/span>\n<span style=\"font-size: x-large;\">\u2014\u00a0\u00a0 <strong>Esp\u00edritu<\/strong>: Estar en balance, donde no haya deseo de nada. Total y absoluta paz, nada que temer, preocuparse, nada. Todo en belleza en uni\u00f3n y amor.\n<\/span>\n\n<span style=\"font-size: x-large;\">\u2014<sup>31<\/sup><strong>Padre<\/strong>: \u00bfY despu\u00e9s qu\u00e9, si no hay nada que hacer?<\/span>\n<span style=\"font-size: x-large;\">\u2014\u00a0\u00a0 <strong>Esp\u00edritu<\/strong>: Pues ah\u00ed est\u00e1 el desbalance\u2014cuando se quiere hacer algo.\n<\/span>\n\n<span style=\"font-size: x-large;\">\u2014<sup>32<\/sup><strong>Padre<\/strong>: Osea: \u00bfY el ciclo vuelve?<\/span>\n<span style=\"font-size: x-large;\">\u2014\u00a0\u00a0 <strong>Esp\u00edritu<\/strong>: Si. Hasta que se rebalancee nuevamente.\n<\/span>\n\n<span style=\"font-size: x-large;\">\u2014<sup>33<\/sup><strong>Padre<\/strong>: \u00bfY volver, y volver, y volver?<\/span>\n<span style=\"font-size: x-large;\">\u2014\u00a0\u00a0 <strong>Esp\u00edritu<\/strong>: Si, hasta que se vuelva a rebalancear.\n<\/span>\n\n<span style=\"font-size: x-large;\">\u2014<sup>34<\/sup><strong>Padre<\/strong>: \u00bfY porque?<\/span>\n<span style=\"font-size: x-large;\">\u2014\u00a0\u00a0 <strong>Esp\u00edritu<\/strong>: Porque es parte de.\n<\/span>\n\n<span style=\"font-size: x-large;\">\u2014<sup>35<\/sup><strong>Padre<\/strong>: \u00bfY que papel juegan las religiones aqu\u00ed?<\/span>\n<span style=\"font-size: x-large;\">\u2014\u00a0\u00a0 <strong>Esp\u00edritu<\/strong>: Diferentes roles. Cada una lleva un mensaje.\n<\/span>\n\n<span style=\"font-size: x-large;\">\u2014<sup>36<\/sup><strong>Padre<\/strong>: \u00bfY cual es la verdadera que lleva el mensaje?<\/span>\n<span style=\"font-size: x-large;\">\u2014\u00a0\u00a0 <strong>Esp\u00edritu<\/strong>: Todas llevan el mensaje en diferentes formas.\n<\/span>\n\n<span style=\"font-size: x-large;\">\u2014<sup>37<\/sup><strong>Padre<\/strong>: \u00bfPero cual es la m\u00e1s cercana a la realidad?<\/span>\n<span style=\"font-size: x-large;\">\u2014\u00a0\u00a0 <strong>Esp\u00edritu<\/strong>: La m\u00e1s cercana...............Budismo..<\/span>\n\n<span style=\"font-size: x-large;\">\u2014<sup>38<\/sup><strong>Padre<\/strong>: \u00bfPero y Jesus?<\/span>\n<span style=\"font-size: x-large;\">\u2014\u00a0\u00a0 <strong>Esp\u00edritu<\/strong>: \u00bfQuien no te dice a t\u00ed que Jesus vino a la tierra y se fu\u00e9 a aprender de los monjes budistas y regres\u00f3 a dar su mensaje?\n<\/span>\n\n<span style=\"font-size: x-large;\">\u2014<sup>39<\/sup><strong>Padre<\/strong>: \u00bfY porque yo estoy aqu\u00ed?<\/span>\n<span style=\"font-size: x-large;\">\u2014\u00a0\u00a0 <strong>Esp\u00edritu<\/strong>: \u00bfNo lo ves? T\u00fa y yo acordamos el yo bajar aqu\u00ed y t\u00fa ayudarme a hacer mi encomienda.\n<\/span>\n\n<span style=\"font-size: x-large;\">\u2014<sup>40<\/sup><strong>Padre<\/strong>: \u00bfY yo tengo que pasar por todos estos problemas para ayudarte?<\/span>\n<span style=\"font-size: x-large;\">\u2014\u00a0\u00a0 <strong>Esp\u00edritu<\/strong>: Es parte de. Todos somos uno, y mientras t\u00fa me ayudas, t\u00fa progresas.\n<\/span>\n\n<\/div>\n<\/div>\n<\/div>\n&nbsp;\n\n[\/et_pb_text][\/et_pb_column][\/et_pb_row][et_pb_row _builder_version=\"3.25\" background_size=\"initial\" background_position=\"top_left\" background_repeat=\"repeat\"][et_pb_column type=\"4_4\" _builder_version=\"3.25\" custom_padding=\"|||\" custom_padding__hover=\"|||\"][et_pb_text admin_label=\"Final words\" _builder_version=\"3.27.4\"]\n\n<strong>Posterior a este evento,<\/strong> comenc\u00e9 a levantarme diariamente entre hora uno y tres de la madrugada para recibir revelaciones de Suma Verdad sobre nuestro verdadero origen y raz\u00f3n del Ser.\n\nMi labor es servir como int\u00e9rprete del abstracto recibido seg\u00fan la intenci\u00f3n de estos seres, mejor descritos como Maestros Ascendidos y reconocidos como <strong>La Fuerza Colectiva del Conocimiento y Sabidur\u00eda<\/strong>\u2014entendi\u00e9ndose as\u00ed que el mensaje es recibido sin atadura teol\u00f3gica alguna.\nLos invito a leer <strong>Los Transcritos<\/strong> que surgieron a partir de este primer Transcrito y as\u00ed recibir Suma Verdad seg\u00fan transcrita.\n\n[\/et_pb_text][\/et_pb_column][\/et_pb_row][\/et_pb_section][et_pb_section fb_built=\"1\" _builder_version=\"3.22.3\" background_image=\"https:\/\/thetranscript.org\/wp-content\/uploads\/2017\/09\/Old-Paper-Texture-1.jpg\"][et_pb_row _builder_version=\"3.25\"][et_pb_column type=\"4_4\" _builder_version=\"3.25\" custom_padding=\"|||\" custom_padding__hover=\"|||\"][et_pb_text _builder_version=\"4.6.0\" text_font=\"||||||||\" text_font_size=\"40px\" background_layout=\"dark\"]\n<p style=\"text-align: center;\">Sign up to receive the latest Transcript<\/p>\n[\/et_pb_text][et_pb_text _builder_version=\"4.6.0\" _module_preset=\"default\"]\n<p style=\"text-align: center;\"><a style=\"background: #ee3946 none repeat scroll 0% 0%; color: #ffffff; text-decoration: none; font-family: Helvetica, Arial, sans-serif; font-weight: bold; font-size: 35px; line-height: 35px; padding: 10px; display: inline-block; max-width: 300px; border-radius: 5px; text-shadow: rgba(0, 0, 0, 0.25) 0px -1px 1px; box-shadow: rgba(255, 255, 255, 0.5) 0px 1px 3px inset, rgba(0, 0, 0, 0.5) 0px 1px 3px;\" href=\"https:\/\/thetranscript.lpages.co\/leadbox\/146bca173f72a2%3A12d714c46b46dc\/5661458385862656\/\" target=\"_blank\" rel=\"noopener noreferrer\">Subscribe<\/a><\/p>\n<script data-leadbox=\"146bca173f72a2:12d714c46b46dc\" data-url=\"https:\/\/thetranscript.lpages.co\/leadbox\/146bca173f72a2%3A12d714c46b46dc\/5661458385862656\/\" data-config=\"%7B%7D\" type=\"text\/javascript\" src=\"https:\/\/thetranscript.lpages.co\/leadbox-1595861281.js\"><\/script>\n\n[\/et_pb_text][\/et_pb_column][\/et_pb_row][\/et_pb_section]","_et_gb_content_width":"","footnotes":""},"class_list":["post-5491","page","type-page","status-publish","hentry"],"yoast_head":"<!-- This site is optimized with the Yoast SEO plugin v27.5 - https:\/\/yoast.com\/product\/yoast-seo-wordpress\/ -->\n<title>Primer Transcrito Oficial - The Transcript<\/title>\n<meta name=\"robots\" content=\"index, follow, max-snippet:-1, max-image-preview:large, max-video-preview:-1\" \/>\n<link rel=\"canonical\" href=\"https:\/\/thetranscript.org\/es\/primer-transcrito-4\/\" \/>\n<meta property=\"og:locale\" content=\"es_ES\" \/>\n<meta property=\"og:type\" content=\"article\" \/>\n<meta property=\"og:title\" content=\"Primer Transcrito Oficial - The Transcript\" \/>\n<meta property=\"og:description\" content=\"\u00a0\u2014NOTA IMPORTANTE PARA EL LECTOR\u2014 El Primer Transcrito documenta el primer contacto que tuvo lugar el 7 de Julio, del 2011, cuando aproximadamente a las 10 horas pasado meridiano (22:00), tiempo este, en la ciudad de Tampa, Florida, un ser de luz se manifest\u00f3 a trav\u00e9s de la voz de mi hijo de veinte a\u00f1os, [&hellip;]\" \/>\n<meta property=\"og:url\" content=\"https:\/\/thetranscript.org\/es\/primer-transcrito-4\/\" \/>\n<meta property=\"og:site_name\" content=\"The Transcript\" \/>\n<meta property=\"article:modified_time\" content=\"2023-09-21T21:54:32+00:00\" \/>\n<meta name=\"twitter:card\" content=\"summary_large_image\" \/>\n<meta name=\"twitter:label1\" content=\"Tiempo de lectura\" \/>\n\t<meta name=\"twitter:data1\" content=\"10 minutes\" \/>\n<script type=\"application\/ld+json\" class=\"yoast-schema-graph\">{\"@context\":\"https:\\\/\\\/schema.org\",\"@graph\":[{\"@type\":\"WebPage\",\"@id\":\"https:\\\/\\\/thetranscript.org\\\/es\\\/primer-transcrito-4\\\/\",\"url\":\"https:\\\/\\\/thetranscript.org\\\/es\\\/primer-transcrito-4\\\/\",\"name\":\"Primer Transcrito Oficial - The Transcript\",\"isPartOf\":{\"@id\":\"https:\\\/\\\/thetranscript.org\\\/es\\\/#website\"},\"datePublished\":\"2021-06-07T18:29:09+00:00\",\"dateModified\":\"2023-09-21T21:54:32+00:00\",\"breadcrumb\":{\"@id\":\"https:\\\/\\\/thetranscript.org\\\/es\\\/primer-transcrito-4\\\/#breadcrumb\"},\"inLanguage\":\"es-ES\",\"potentialAction\":[{\"@type\":\"ReadAction\",\"target\":[\"https:\\\/\\\/thetranscript.org\\\/es\\\/primer-transcrito-4\\\/\"]}]},{\"@type\":\"BreadcrumbList\",\"@id\":\"https:\\\/\\\/thetranscript.org\\\/es\\\/primer-transcrito-4\\\/#breadcrumb\",\"itemListElement\":[{\"@type\":\"ListItem\",\"position\":1,\"name\":\"Home\",\"item\":\"https:\\\/\\\/thetranscript.org\\\/es\\\/\"},{\"@type\":\"ListItem\",\"position\":2,\"name\":\"Primer Transcrito Oficial\"}]},{\"@type\":\"WebSite\",\"@id\":\"https:\\\/\\\/thetranscript.org\\\/es\\\/#website\",\"url\":\"https:\\\/\\\/thetranscript.org\\\/es\\\/\",\"name\":\"The Transcript\",\"description\":\"My name is Francisco Valentin\u2014 author and publisher of the Transcripts\",\"potentialAction\":[{\"@type\":\"SearchAction\",\"target\":{\"@type\":\"EntryPoint\",\"urlTemplate\":\"https:\\\/\\\/thetranscript.org\\\/es\\\/?s={search_term_string}\"},\"query-input\":{\"@type\":\"PropertyValueSpecification\",\"valueRequired\":true,\"valueName\":\"search_term_string\"}}],\"inLanguage\":\"es-ES\"}]}<\/script>\n<!-- \/ Yoast SEO plugin. -->","yoast_head_json":{"title":"Primer Transcrito Oficial - The Transcript","robots":{"index":"index","follow":"follow","max-snippet":"max-snippet:-1","max-image-preview":"max-image-preview:large","max-video-preview":"max-video-preview:-1"},"canonical":"https:\/\/thetranscript.org\/es\/primer-transcrito-4\/","og_locale":"es_ES","og_type":"article","og_title":"Primer Transcrito Oficial - The Transcript","og_description":"\u00a0\u2014NOTA IMPORTANTE PARA EL LECTOR\u2014 El Primer Transcrito documenta el primer contacto que tuvo lugar el 7 de Julio, del 2011, cuando aproximadamente a las 10 horas pasado meridiano (22:00), tiempo este, en la ciudad de Tampa, Florida, un ser de luz se manifest\u00f3 a trav\u00e9s de la voz de mi hijo de veinte a\u00f1os, [&hellip;]","og_url":"https:\/\/thetranscript.org\/es\/primer-transcrito-4\/","og_site_name":"The Transcript","article_modified_time":"2023-09-21T21:54:32+00:00","twitter_card":"summary_large_image","twitter_misc":{"Tiempo de lectura":"10 minutes"},"schema":{"@context":"https:\/\/schema.org","@graph":[{"@type":"WebPage","@id":"https:\/\/thetranscript.org\/es\/primer-transcrito-4\/","url":"https:\/\/thetranscript.org\/es\/primer-transcrito-4\/","name":"Primer Transcrito Oficial - The Transcript","isPartOf":{"@id":"https:\/\/thetranscript.org\/es\/#website"},"datePublished":"2021-06-07T18:29:09+00:00","dateModified":"2023-09-21T21:54:32+00:00","breadcrumb":{"@id":"https:\/\/thetranscript.org\/es\/primer-transcrito-4\/#breadcrumb"},"inLanguage":"es-ES","potentialAction":[{"@type":"ReadAction","target":["https:\/\/thetranscript.org\/es\/primer-transcrito-4\/"]}]},{"@type":"BreadcrumbList","@id":"https:\/\/thetranscript.org\/es\/primer-transcrito-4\/#breadcrumb","itemListElement":[{"@type":"ListItem","position":1,"name":"Home","item":"https:\/\/thetranscript.org\/es\/"},{"@type":"ListItem","position":2,"name":"Primer Transcrito Oficial"}]},{"@type":"WebSite","@id":"https:\/\/thetranscript.org\/es\/#website","url":"https:\/\/thetranscript.org\/es\/","name":"The Transcript","description":"My name is Francisco Valentin\u2014 author and publisher of the Transcripts","potentialAction":[{"@type":"SearchAction","target":{"@type":"EntryPoint","urlTemplate":"https:\/\/thetranscript.org\/es\/?s={search_term_string}"},"query-input":{"@type":"PropertyValueSpecification","valueRequired":true,"valueName":"search_term_string"}}],"inLanguage":"es-ES"}]}},"_links":{"self":[{"href":"https:\/\/thetranscript.org\/es\/wp-json\/wp\/v2\/pages\/5491","targetHints":{"allow":["GET"]}}],"collection":[{"href":"https:\/\/thetranscript.org\/es\/wp-json\/wp\/v2\/pages"}],"about":[{"href":"https:\/\/thetranscript.org\/es\/wp-json\/wp\/v2\/types\/page"}],"author":[{"embeddable":true,"href":"https:\/\/thetranscript.org\/es\/wp-json\/wp\/v2\/users\/2"}],"replies":[{"embeddable":true,"href":"https:\/\/thetranscript.org\/es\/wp-json\/wp\/v2\/comments?post=5491"}],"version-history":[{"count":0,"href":"https:\/\/thetranscript.org\/es\/wp-json\/wp\/v2\/pages\/5491\/revisions"}],"wp:attachment":[{"href":"https:\/\/thetranscript.org\/es\/wp-json\/wp\/v2\/media?parent=5491"}],"curies":[{"name":"wp","href":"https:\/\/api.w.org\/{rel}","templated":true}]}}